{"id":15,"date":"2011-10-26T09:11:38","date_gmt":"2011-10-26T08:11:38","guid":{"rendered":"http:\/\/etude.aellen.org\/?page_id=15"},"modified":"2024-03-19T17:37:53","modified_gmt":"2024-03-19T16:37:53","slug":"malcotti-jean-frederic","status":"publish","type":"page","link":"https:\/\/www.etudeconcert2.ch\/?page_id=15","title":{"rendered":"Jean-Fr\u00e9d\u00e9ric Malcotti"},"content":{"rendered":"\n<p>Jean-Fr\u00e9d\u00e9ric Malcotti pratique le barreau depuis l&rsquo;obtention de son brevet en 1985. En 1990, il a ouvert son \u00e9tude et s&rsquo;est associ\u00e9 \u00e0 diverses personnes; le groupe actuel est compos\u00e9 de sic avocat.e.s.<\/p>\n\n\n\n<p>Il est n\u00e9 en 1952 \u00e0 La Chaux-de-Fonds. Apr\u00e8s 2 ans au Gymnase cantonal de cette ville, il a d\u00e9but\u00e9 dans la vie professionnelle dans l&rsquo;administration cantonale \u00e0 Neuch\u00e2tel. Quelques ann\u00e9es plus tard, il s&rsquo;est pr\u00e9par\u00e9 \u00e0 la Maturit\u00e9 f\u00e9d\u00e9rale, puis&nbsp;a entrepris&nbsp;des \u00e9tudes en droit \u00e0 l&rsquo;Universit\u00e9 de Neuch\u00e2tel.<\/p>\n\n\n\n<p>D\u00e8s l&rsquo;obtention de son brevet d&rsquo;avocat en 1985, il s&rsquo;est perfectionn\u00e9 en droit des obligations; il a occup\u00e9 un poste d&rsquo;assistant du professeur Pierre Wessner durant 4 ans. Il a \u00e9galement travaill\u00e9 pendant une dizaine d&rsquo;ann\u00e9es comme avocat conseil \u00e0 mi-temps, dans un service social \u00e0 Neuch\u00e2tel (Service Social Inter-Entreprises).<\/p>\n\n\n\n<p>Il est membre des Juristes D\u00e9mocrates Suisses.<\/p>\n\n\n\n<div class=\"wp-block-columns is-layout-flex wp-container-core-columns-layout-1 wp-block-columns-is-layout-flex\">\n<div class=\"wp-block-column is-layout-flow wp-block-column-is-layout-flow\" style=\"flex-basis:66.66%\">\n<h3 class=\"wp-block-heading\">Domaine d&rsquo;activit\u00e9s<\/h3>\n\n\n\n<ul>\n<li>Droit p\u00e9nal et droit p\u00e9nal administratif<\/li>\n\n\n\n<li>Droit civil :\n<ul>\n<li>personnes et de la famille<\/li>\n\n\n\n<li>contrats et responsabilit\u00e9<\/li>\n\n\n\n<li>commercial<\/li>\n\n\n\n<li>bail<\/li>\n\n\n\n<li>travail<\/li>\n\n\n\n<li>assurances<\/li>\n\n\n\n<li>ex\u00e9cution forc\u00e9e<\/li>\n<\/ul>\n<\/li>\n\n\n\n<li>Droit administratif :\n<ul>\n<li>des \u00e9trangers<\/li>\n\n\n\n<li>circulation (permis de conduire)<\/li>\n\n\n\n<li>de la construction et de l\u2019am\u00e9nagement du territoire<\/li>\n\n\n\n<li>environnement<\/li>\n\n\n\n<li>fiscal<\/li>\n\n\n\n<li>sant\u00e9<\/li>\n<\/ul>\n<\/li>\n<\/ul>\n<\/div>\n\n\n\n<div class=\"wp-block-column is-layout-flow wp-block-column-is-layout-flow\" style=\"flex-basis:33.33%\">\n<figure class=\"wp-block-image size-full\"><img loading=\"lazy\" decoding=\"async\" width=\"421\" height=\"640\" src=\"https:\/\/www.etudeconcert2.ch\/wp-content\/uploads\/2011\/10\/Portrait-de-loin-avec-complet-JF.jpg\" alt=\"\" class=\"wp-image-165\" srcset=\"https:\/\/www.etudeconcert2.ch\/wp-content\/uploads\/2011\/10\/Portrait-de-loin-avec-complet-JF.jpg 421w, https:\/\/www.etudeconcert2.ch\/wp-content\/uploads\/2011\/10\/Portrait-de-loin-avec-complet-JF-197x300.jpg 197w\" sizes=\"(max-width: 421px) 100vw, 421px\" \/><figcaption class=\"wp-element-caption\">Jean-Fr\u00e9d\u00e9ric Malcotti, associ\u00e9<\/figcaption><\/figure>\n<\/div>\n<\/div>\n\n\n\n<div class=\"wp-block-columns is-layout-flex wp-container-core-columns-layout-2 wp-block-columns-is-layout-flex\">\n<div class=\"wp-block-column is-layout-flow wp-block-column-is-layout-flow\">\n<h2 class=\"wp-block-heading\">Contact<\/h2>\n\n\n\n<p>Rue du Concert 2<br>2000 Neuch\u00e2tel<br>T\u00e9l. 032 721 15 15 &#8211; 076 361 15 15<\/p>\n\n\n\n<p>E-mail\u00a0: <a href=\"mailto:jfmalcotti@bluewin.ch\">jfmalcotti@bluewin.ch<\/a><\/p>\n\n\n\n<p>Depuis le d\u00e9but de 2021, l&rsquo;\u00e9tude de Me Malcotti n&rsquo;est ouverte que les lundis, mardis, jeudis et vendredis, de 10:00 \u00e0 12:00 et de 15:00 \u00e0 17:30.<\/p>\n<\/div>\n\n\n\n<div class=\"wp-block-column is-layout-flow wp-block-column-is-layout-flow\">\n<h2 class=\"wp-block-heading\">Langues de travail<\/h2>\n\n\n\n<p>Fran\u00e7ais<\/p>\n\n\n\n<p>Jean-Fr\u00e9d\u00e9ric Malcotti parle et lit l\u2019allemand, l\u2019anglais, l\u2019espagnol et se d\u00e9brouille en persan (farsi) oral.<\/p>\n<\/div>\n<\/div>\n","protected":false},"excerpt":{"rendered":"<p>Jean-Fr\u00e9d\u00e9ric Malcotti pratique le barreau depuis l&rsquo;obtention de son brevet en 1985. En 1990, il a ouvert son \u00e9tude et s&rsquo;est associ\u00e9 \u00e0 diverses personnes; le groupe actuel est compos\u00e9 &#8230;<\/p>\n","protected":false},"author":4,"featured_media":0,"parent":0,"menu_order":1,"comment_status":"closed","ping_status":"closed","template":"","meta":{"footnotes":""},"yoast_head":"<!-- This site is optimized with the Yoast SEO plugin v23.5 - https:\/\/yoast.com\/wordpress\/plugins\/seo\/ -->\n<title>Jean-Fr\u00e9d\u00e9ric Malcotti - \u00c9tude du Concert<\/title>\n<meta name=\"robots\" content=\"index, follow, max-snippet:-1, max-image-preview:large, max-video-preview:-1\" \/>\n<link rel=\"canonical\" href=\"https:\/\/www.etudeconcert2.ch\/?page_id=15\" \/>\n<meta property=\"og:locale\" content=\"fr_FR\" \/>\n<meta property=\"og:type\" content=\"article\" \/>\n<meta property=\"og:title\" content=\"Jean-Fr\u00e9d\u00e9ric Malcotti - \u00c9tude du Concert\" \/>\n<meta property=\"og:description\" content=\"Jean-Fr\u00e9d\u00e9ric Malcotti pratique le barreau depuis l&rsquo;obtention de son brevet en 1985. En 1990, il a ouvert son \u00e9tude et s&rsquo;est associ\u00e9 \u00e0 diverses personnes; le groupe actuel est compos\u00e9 ...\" \/>\n<meta property=\"og:url\" content=\"https:\/\/www.etudeconcert2.ch\/?page_id=15\" \/>\n<meta property=\"og:site_name\" content=\"\u00c9tude du Concert\" \/>\n<meta property=\"article:modified_time\" content=\"2024-03-19T16:37:53+00:00\" \/>\n<meta property=\"og:image\" content=\"https:\/\/www.etudeconcert2.ch\/wp-content\/uploads\/2011\/10\/Portrait-de-loin-avec-complet-JF.jpg\" \/>\n<meta name=\"twitter:label1\" content=\"Dur\u00e9e de lecture estim\u00e9e\" \/>\n\t<meta name=\"twitter:data1\" content=\"2 minutes\" \/>\n<script type=\"application\/ld+json\" class=\"yoast-schema-graph\">{\"@context\":\"https:\/\/schema.org\",\"@graph\":[{\"@type\":\"WebPage\",\"@id\":\"https:\/\/www.etudeconcert2.ch\/?page_id=15\",\"url\":\"https:\/\/www.etudeconcert2.ch\/?page_id=15\",\"name\":\"Jean-Fr\u00e9d\u00e9ric Malcotti - \u00c9tude du Concert\",\"isPartOf\":{\"@id\":\"https:\/\/www.etudeconcert2.ch\/#website\"},\"primaryImageOfPage\":{\"@id\":\"https:\/\/www.etudeconcert2.ch\/?page_id=15#primaryimage\"},\"image\":{\"@id\":\"https:\/\/www.etudeconcert2.ch\/?page_id=15#primaryimage\"},\"thumbnailUrl\":\"https:\/\/www.etudeconcert2.ch\/wp-content\/uploads\/2011\/10\/Portrait-de-loin-avec-complet-JF.jpg\",\"datePublished\":\"2011-10-26T08:11:38+00:00\",\"dateModified\":\"2024-03-19T16:37:53+00:00\",\"breadcrumb\":{\"@id\":\"https:\/\/www.etudeconcert2.ch\/?page_id=15#breadcrumb\"},\"inLanguage\":\"fr-FR\",\"potentialAction\":[{\"@type\":\"ReadAction\",\"target\":[\"https:\/\/www.etudeconcert2.ch\/?page_id=15\"]}]},{\"@type\":\"ImageObject\",\"inLanguage\":\"fr-FR\",\"@id\":\"https:\/\/www.etudeconcert2.ch\/?page_id=15#primaryimage\",\"url\":\"https:\/\/www.etudeconcert2.ch\/wp-content\/uploads\/2011\/10\/Portrait-de-loin-avec-complet-JF.jpg\",\"contentUrl\":\"https:\/\/www.etudeconcert2.ch\/wp-content\/uploads\/2011\/10\/Portrait-de-loin-avec-complet-JF.jpg\",\"width\":\"421\",\"height\":\"640\",\"caption\":\"Jean-Fr\u00e9d\u00e9ric Malcotti, associ\u00e9\"},{\"@type\":\"BreadcrumbList\",\"@id\":\"https:\/\/www.etudeconcert2.ch\/?page_id=15#breadcrumb\",\"itemListElement\":[{\"@type\":\"ListItem\",\"position\":1,\"name\":\"Accueil\",\"item\":\"https:\/\/www.etudeconcert2.ch\/\"},{\"@type\":\"ListItem\",\"position\":2,\"name\":\"Jean-Fr\u00e9d\u00e9ric Malcotti\"}]},{\"@type\":\"WebSite\",\"@id\":\"https:\/\/www.etudeconcert2.ch\/#website\",\"url\":\"https:\/\/www.etudeconcert2.ch\/\",\"name\":\"\u00c9tude du Concert\",\"description\":\"Une \u00e9tude d&#039;avocat\u00b7e\u00b7s proche de vous\",\"potentialAction\":[{\"@type\":\"SearchAction\",\"target\":{\"@type\":\"EntryPoint\",\"urlTemplate\":\"https:\/\/www.etudeconcert2.ch\/?s={search_term_string}\"},\"query-input\":{\"@type\":\"PropertyValueSpecification\",\"valueRequired\":true,\"valueName\":\"search_term_string\"}}],\"inLanguage\":\"fr-FR\"}]}<\/script>\n<!-- \/ Yoast SEO plugin. -->","yoast_head_json":{"title":"Jean-Fr\u00e9d\u00e9ric Malcotti - \u00c9tude du Concert","robots":{"index":"index","follow":"follow","max-snippet":"max-snippet:-1","max-image-preview":"max-image-preview:large","max-video-preview":"max-video-preview:-1"},"canonical":"https:\/\/www.etudeconcert2.ch\/?page_id=15","og_locale":"fr_FR","og_type":"article","og_title":"Jean-Fr\u00e9d\u00e9ric Malcotti - \u00c9tude du Concert","og_description":"Jean-Fr\u00e9d\u00e9ric Malcotti pratique le barreau depuis l&rsquo;obtention de son brevet en 1985. En 1990, il a ouvert son \u00e9tude et s&rsquo;est associ\u00e9 \u00e0 diverses personnes; le groupe actuel est compos\u00e9 ...","og_url":"https:\/\/www.etudeconcert2.ch\/?page_id=15","og_site_name":"\u00c9tude du Concert","article_modified_time":"2024-03-19T16:37:53+00:00","og_image":[{"url":"https:\/\/www.etudeconcert2.ch\/wp-content\/uploads\/2011\/10\/Portrait-de-loin-avec-complet-JF.jpg"}],"twitter_misc":{"Dur\u00e9e de lecture estim\u00e9e":"2 minutes"},"schema":{"@context":"https:\/\/schema.org","@graph":[{"@type":"WebPage","@id":"https:\/\/www.etudeconcert2.ch\/?page_id=15","url":"https:\/\/www.etudeconcert2.ch\/?page_id=15","name":"Jean-Fr\u00e9d\u00e9ric Malcotti - \u00c9tude du Concert","isPartOf":{"@id":"https:\/\/www.etudeconcert2.ch\/#website"},"primaryImageOfPage":{"@id":"https:\/\/www.etudeconcert2.ch\/?page_id=15#primaryimage"},"image":{"@id":"https:\/\/www.etudeconcert2.ch\/?page_id=15#primaryimage"},"thumbnailUrl":"https:\/\/www.etudeconcert2.ch\/wp-content\/uploads\/2011\/10\/Portrait-de-loin-avec-complet-JF.jpg","datePublished":"2011-10-26T08:11:38+00:00","dateModified":"2024-03-19T16:37:53+00:00","breadcrumb":{"@id":"https:\/\/www.etudeconcert2.ch\/?page_id=15#breadcrumb"},"inLanguage":"fr-FR","potentialAction":[{"@type":"ReadAction","target":["https:\/\/www.etudeconcert2.ch\/?page_id=15"]}]},{"@type":"ImageObject","inLanguage":"fr-FR","@id":"https:\/\/www.etudeconcert2.ch\/?page_id=15#primaryimage","url":"https:\/\/www.etudeconcert2.ch\/wp-content\/uploads\/2011\/10\/Portrait-de-loin-avec-complet-JF.jpg","contentUrl":"https:\/\/www.etudeconcert2.ch\/wp-content\/uploads\/2011\/10\/Portrait-de-loin-avec-complet-JF.jpg","width":"421","height":"640","caption":"Jean-Fr\u00e9d\u00e9ric Malcotti, associ\u00e9"},{"@type":"BreadcrumbList","@id":"https:\/\/www.etudeconcert2.ch\/?page_id=15#breadcrumb","itemListElement":[{"@type":"ListItem","position":1,"name":"Accueil","item":"https:\/\/www.etudeconcert2.ch\/"},{"@type":"ListItem","position":2,"name":"Jean-Fr\u00e9d\u00e9ric Malcotti"}]},{"@type":"WebSite","@id":"https:\/\/www.etudeconcert2.ch\/#website","url":"https:\/\/www.etudeconcert2.ch\/","name":"\u00c9tude du Concert","description":"Une \u00e9tude d&#039;avocat\u00b7e\u00b7s proche de vous","potentialAction":[{"@type":"SearchAction","target":{"@type":"EntryPoint","urlTemplate":"https:\/\/www.etudeconcert2.ch\/?s={search_term_string}"},"query-input":{"@type":"PropertyValueSpecification","valueRequired":true,"valueName":"search_term_string"}}],"inLanguage":"fr-FR"}]}},"_links":{"self":[{"href":"https:\/\/www.etudeconcert2.ch\/index.php?rest_route=\/wp\/v2\/pages\/15"}],"collection":[{"href":"https:\/\/www.etudeconcert2.ch\/index.php?rest_route=\/wp\/v2\/pages"}],"about":[{"href":"https:\/\/www.etudeconcert2.ch\/index.php?rest_route=\/wp\/v2\/types\/page"}],"author":[{"embeddable":true,"href":"https:\/\/www.etudeconcert2.ch\/index.php?rest_route=\/wp\/v2\/users\/4"}],"replies":[{"embeddable":true,"href":"https:\/\/www.etudeconcert2.ch\/index.php?rest_route=%2Fwp%2Fv2%2Fcomments&post=15"}],"version-history":[{"count":43,"href":"https:\/\/www.etudeconcert2.ch\/index.php?rest_route=\/wp\/v2\/pages\/15\/revisions"}],"predecessor-version":[{"id":3090,"href":"https:\/\/www.etudeconcert2.ch\/index.php?rest_route=\/wp\/v2\/pages\/15\/revisions\/3090"}],"wp:attachment":[{"href":"https:\/\/www.etudeconcert2.ch\/index.php?rest_route=%2Fwp%2Fv2%2Fmedia&parent=15"}],"curies":[{"name":"wp","href":"https:\/\/api.w.org\/{rel}","templated":true}]}}